{"id":170,"date":"2021-02-10T03:13:59","date_gmt":"2021-02-10T03:13:59","guid":{"rendered":"http:\/\/diarioelrapsoda.com\/?page_id=170"},"modified":"2022-05-31T00:57:34","modified_gmt":"2022-05-31T00:57:34","slug":"columnas","status":"publish","type":"page","link":"https:\/\/diarioelrapsoda.com\/index.php\/columnas\/","title":{"rendered":"COLUMNAS"},"content":{"rendered":"\t\t<div data-elementor-type=\"wp-page\" data-elementor-id=\"170\" class=\"elementor elementor-170\">\n\t\t\t\t\t\t<section class=\"elementor-section elementor-top-section elementor-element elementor-element-07c5595 elementor-section-boxed elementor-section-height-default elementor-section-height-default\" data-id=\"07c5595\" data-element_type=\"section\" data-e-type=\"section\" data-settings=\"{&quot;background_background&quot;:&quot;classic&quot;}\">\n\t\t\t\t\t\t<div class=\"elementor-container elementor-column-gap-default\">\n\t\t\t\t\t<div class=\"elementor-column elementor-col-33 elementor-top-column elementor-element elementor-element-b74974c\" data-id=\"b74974c\" data-element_type=\"column\" data-e-type=\"column\">\n\t\t\t<div class=\"elementor-widget-wrap elementor-element-populated\">\n\t\t\t\t\t\t<div class=\"elementor-element elementor-element-60a652f elementor-widget elementor-widget-heading\" data-id=\"60a652f\" data-element_type=\"widget\" data-e-type=\"widget\" data-widget_type=\"heading.default\">\n\t\t\t\t<div class=\"elementor-widget-container\">\n\t\t\t\t\t<h1 class=\"elementor-heading-title elementor-size-default\">TIROTEOS LA CONSTANTE E.U<\/h1>\t\t\t\t<\/div>\n\t\t\t\t<\/div>\n\t\t\t\t<div class=\"elementor-element elementor-element-76e7a66 elementor-widget-divider--view-line elementor-widget elementor-widget-divider\" data-id=\"76e7a66\" data-element_type=\"widget\" data-e-type=\"widget\" data-widget_type=\"divider.default\">\n\t\t\t\t<div class=\"elementor-widget-container\">\n\t\t\t\t\t\t\t<div class=\"elementor-divider\">\n\t\t\t<span class=\"elementor-divider-separator\">\n\t\t\t\t\t\t<\/span>\n\t\t<\/div>\n\t\t\t\t\t\t<\/div>\n\t\t\t\t<\/div>\n\t\t\t\t<div class=\"elementor-element elementor-element-01f920d elementor-widget elementor-widget-heading\" data-id=\"01f920d\" data-element_type=\"widget\" data-e-type=\"widget\" data-widget_type=\"heading.default\">\n\t\t\t\t<div class=\"elementor-widget-container\">\n\t\t\t\t\t<h2 class=\"elementor-heading-title elementor-size-medium\">YOshi v.<\/h2>\t\t\t\t<\/div>\n\t\t\t\t<\/div>\n\t\t\t\t<div class=\"elementor-element elementor-element-509ea1c elementor-widget elementor-widget-heading\" data-id=\"509ea1c\" data-element_type=\"widget\" data-e-type=\"widget\" data-widget_type=\"heading.default\">\n\t\t\t\t<div class=\"elementor-widget-container\">\n\t\t\t\t\t<h4 class=\"elementor-heading-title elementor-size-default\">autor:  yoshi v.<\/h4>\t\t\t\t<\/div>\n\t\t\t\t<\/div>\n\t\t\t\t<div class=\"elementor-element elementor-element-908d60e elementor-widget elementor-widget-text-editor\" data-id=\"908d60e\" data-element_type=\"widget\" data-e-type=\"widget\" data-widget_type=\"text-editor.default\">\n\t\t\t\t<div class=\"elementor-widget-container\">\n\t\t\t\t\t\t\t\t\t<p class=\"MsoNormal\" style=\"text-align: justify;\"><span style=\"font-family: Arial, sans-serif;\">Era una ma\u00f1ana como cualquier otra, alumnos<br \/>de segundo, tercero y cuarto a\u00f1o, tomaban clase dentro de la Escuela Primaria<br \/>Robb Elementary School, cuando al medio d\u00eda un joven de 18 a\u00f1os irrumpi\u00f3 en el<br \/>sal\u00f3n de clases de cuarto grado, durante cuarenta minutos de terror, portando <\/span><span style=\"font-family: 'Arial',sans-serif; color: #3f3f42; background: #FDFDFD; mso-bidi-font-weight: bold;\">un<\/span><span style=\"font-family: Arial, sans-serif; background: #fdfdfd;\"><br \/>rifle semiautom\u00e1tico AR-15 que detonar\u00eda de manera constante y sin<br \/>remordimiento contra ni\u00f1os de diez a\u00f1os y dos maestras; las cuales se<br \/>sacrificar\u00edan para evitar que m\u00e1s alumnos fueran atacados. <\/span><\/p><p class=\"MsoNormal\" style=\"text-align: justify;\"><span style=\"font-family: Arial, sans-serif; background: #fdfdfd;\">Este<br \/>lamentable acontecimiento dejo como saldo 19<\/span><span style=\"font-family: Arial, sans-serif;\"> ni\u00f1os muertos y dos<br \/>maestras, sin contar el n\u00famero de familias que quedaron destrozadas por la<br \/>p\u00e9rdida de sus hijos, adem\u00e1s de un sentimiento compartido de impotencia, dolor<br \/>y desasosiego.<\/span><\/p><p class=\"MsoNormal\" style=\"text-align: justify;\"><span style=\"font-family: Arial, sans-serif;\">Uvalde, Texas alberga un gran n\u00famero de<br \/>latinos, cuenta con una localidad de 16.000 habitantes situada cerca de la<br \/>frontera con M\u00e9xico, en la escuela donde se perpetuaron los hechos cuenta con <span style=\"background: #FDFDFD;\">unos 500 estudiantes y casi el 90% de ellos son de sangre<br \/>mexicana y alrededor del 87% se considera econ\u00f3micamente desfavorecidos.<\/span><\/span><\/p><p class=\"MsoNormal\" style=\"text-align: justify;\"><span style=\"font-family: Arial, sans-serif;\">El atacante fue identificado como Salvador<br \/>Ramos de 18 de a\u00f1os de edad, un joven adicto a los videojuegos de armas como es<br \/>Fortnite y Call of Duty , el cual\u00a0 se \u00a0cortaba con cuchillos el rostro \u201cpor<br \/>diversi\u00f3n\u201d, sufr\u00eda acoso\u00a0 escolar por<br \/>delinearse los ojos lo que provoc\u00f3 que lo tacharan, con t\u00e9rminos despectivos,<br \/>de gay. Raz\u00f3n por lo que abandonar\u00eda la secundaria de Uvalde. D\u00edas antes de la<br \/>masacre subi\u00f3 fotos de dos rifles que compr\u00f3 por su cumplea\u00f1os 18 el pasado 16<br \/>de mayo, posteriormente se mud\u00f3 a vivir con sus abuelos.\u00a0<\/span><\/p><p>\u00a0<\/p>\t\t\t\t\t\t\t\t<\/div>\n\t\t\t\t<\/div>\n\t\t\t\t\t<\/div>\n\t\t<\/div>\n\t\t\t\t<div class=\"elementor-column elementor-col-33 elementor-top-column elementor-element elementor-element-34d51fe\" data-id=\"34d51fe\" data-element_type=\"column\" data-e-type=\"column\">\n\t\t\t<div class=\"elementor-widget-wrap elementor-element-populated\">\n\t\t\t\t\t\t<div class=\"elementor-element elementor-element-7182bfa elementor-widget elementor-widget-text-editor\" data-id=\"7182bfa\" data-element_type=\"widget\" data-e-type=\"widget\" data-widget_type=\"text-editor.default\">\n\t\t\t\t<div class=\"elementor-widget-container\">\n\t\t\t\t\t\t\t\t\t<p>&nbsp;Esto debido a<br>los problemas que \u00e9ste ten\u00eda en casa con su madre la cual&nbsp;consum\u00eda drogas.<\/p>\n<p>Una historia que nos resulta familiar, un joven con una situaci\u00f3n dif\u00edcil dentro de su entorno con problemas familiares y psicol\u00f3gicos, que no encuentra como sacar todas las emociones negativas, una persona solitaria que se refugia en videojuegos que tienen la finalidad de matar a personajes ficticios. Raz\u00f3n que contribuye a perder la sensibilidad humana, surgiendo una necesidad a la larga de poder trasmitir esa sensaci\u00f3n de forma virtual a una m\u00e1s vivida en la realidad. Es una historia recurrente en Estados Unidos, pero a pesar de la previsibilidad y del denominador com\u00fan en los ataques, es alarmante que no se tomen medidas como la detecci\u00f3n y filtraci\u00f3n a trav\u00e9s de redes sociales de las personas que concuerden con los perfiles. Ya que recordemos que la mayor\u00eda de los actores intelectuales de los tiroteos, d\u00edas antes hacen alusi\u00f3n a la agresi\u00f3n, amenazan, enfatizan su odio o presumen sus armas con las que pretenden cometer un atentado. Igual sabemos que los requisitos y la facilidad para conseguir un arma en ese pa\u00eds es un detonante constante, ya sean armas con permisos o de forma ilegal, la mayor\u00eda de los habitantes cuentan con una en su hogar.<\/p>\n<p>&nbsp;Se estima que en lo que va del a\u00f1o ha habido al menos 212 tiroteos masivos en Estados Unidos, seg\u00fan el Archivo de la Violencia Armada o Gun Violence Archive (GVA, por sus siglas en ingl\u00e9s). En este 2022 dos grandes masacres han&nbsp;<span style=\"word-spacing: normal;\">&nbsp;conmocionado a la sociedad estadounidense: la de Buffalo, en la que un joven de 18 a\u00f1os asesin\u00f3 a 18 personas, y la de Uvalde, Texas, en la que otro joven de 18 a\u00f1os mat\u00f3 a varios alumnos en una escuela.<\/span><\/p>\t\t\t\t\t\t\t\t<\/div>\n\t\t\t\t<\/div>\n\t\t\t\t\t<\/div>\n\t\t<\/div>\n\t\t\t\t<div class=\"elementor-column elementor-col-33 elementor-top-column elementor-element elementor-element-45b1c40\" data-id=\"45b1c40\" data-element_type=\"column\" data-e-type=\"column\">\n\t\t\t<div class=\"elementor-widget-wrap elementor-element-populated\">\n\t\t\t\t\t\t<div class=\"elementor-element elementor-element-cd21a5f elementor-widget elementor-widget-text-editor\" data-id=\"cd21a5f\" data-element_type=\"widget\" data-e-type=\"widget\" data-widget_type=\"text-editor.default\">\n\t\t\t\t<div class=\"elementor-widget-container\">\n\t\t\t\t\t\t\t\t\t<p>Estas cifras con base en datos de GVA, una organizaci\u00f3n sin fines de lucro que rastrea la violencia armada en Estados Unidos. La GVA definen un tiroteo masivo como un tiroteo que hiri\u00f3 o mat\u00f3 a cuatro o m\u00e1s personas, sin incluir al atacante.<\/p><p>Es preocupante pensar que para, el fiscal general de Texas, Ken Paxton (del Partido Republicano), la soluci\u00f3n a los tiroteos en las escuelas es armar a los maestros. \u00bfC\u00f3mo se puede combatir la violencia con m\u00e1s violencia?<\/p><p>Es necesario que en Estados Unidos se refuercen y se endurezcan las medidas para la portaci\u00f3n de armas, es urgente legislar sobre el tema y no habituarse a los tiroteos o esperar a que el n\u00famero de v\u00edctimas sea el mayor de la historia para tomar acciones.<\/p><p>\u00a0<\/p><p>Comentarios: el.rapsoda@yahoo.com.mx<\/p>\t\t\t\t\t\t\t\t<\/div>\n\t\t\t\t<\/div>\n\t\t\t\t\t<\/div>\n\t\t<\/div>\n\t\t\t\t\t<\/div>\n\t\t<\/section>\n\t\t\t\t<section class=\"elementor-section elementor-top-section elementor-element elementor-element-828b95f elementor-section-boxed elementor-section-height-default elementor-section-height-default\" data-id=\"828b95f\" data-element_type=\"section\" data-e-type=\"section\" data-settings=\"{&quot;background_background&quot;:&quot;classic&quot;}\">\n\t\t\t\t\t\t<div class=\"elementor-container elementor-column-gap-default\">\n\t\t\t\t\t<div class=\"elementor-column elementor-col-100 elementor-top-column elementor-element elementor-element-875a5a1\" data-id=\"875a5a1\" data-element_type=\"column\" data-e-type=\"column\">\n\t\t\t<div class=\"elementor-widget-wrap elementor-element-populated\">\n\t\t\t\t\t\t<div class=\"elementor-element elementor-element-f36a2de elementor-widget-divider--view-line elementor-widget elementor-widget-divider\" data-id=\"f36a2de\" data-element_type=\"widget\" data-e-type=\"widget\" data-widget_type=\"divider.default\">\n\t\t\t\t<div class=\"elementor-widget-container\">\n\t\t\t\t\t\t\t<div class=\"elementor-divider\">\n\t\t\t<span class=\"elementor-divider-separator\">\n\t\t\t\t\t\t<\/span>\n\t\t<\/div>\n\t\t\t\t\t\t<\/div>\n\t\t\t\t<\/div>\n\t\t\t\t<div class=\"elementor-element elementor-element-6134022 elementor-widget elementor-widget-heading\" data-id=\"6134022\" data-element_type=\"widget\" data-e-type=\"widget\" data-widget_type=\"heading.default\">\n\t\t\t\t<div class=\"elementor-widget-container\">\n\t\t\t\t\t<h2 class=\"elementor-heading-title elementor-size-medium\">El diablito de la guarda en la pol\u00edtica<\/h2>\t\t\t\t<\/div>\n\t\t\t\t<\/div>\n\t\t\t\t<div class=\"elementor-element elementor-element-5750358 elementor-widget elementor-widget-heading\" data-id=\"5750358\" data-element_type=\"widget\" data-e-type=\"widget\" data-widget_type=\"heading.default\">\n\t\t\t\t<div class=\"elementor-widget-container\">\n\t\t\t\t\t<h1 class=\"elementor-heading-title elementor-size-default\">Con \u201cZ\u201d de Zorrillo<\/h1>\t\t\t\t<\/div>\n\t\t\t\t<\/div>\n\t\t\t\t\t<\/div>\n\t\t<\/div>\n\t\t\t\t\t<\/div>\n\t\t<\/section>\n\t\t\t\t<section class=\"elementor-section elementor-top-section elementor-element elementor-element-c6832eb elementor-section-boxed elementor-section-height-default elementor-section-height-default\" data-id=\"c6832eb\" data-element_type=\"section\" data-e-type=\"section\" data-settings=\"{&quot;background_background&quot;:&quot;classic&quot;}\">\n\t\t\t\t\t\t<div class=\"elementor-container elementor-column-gap-default\">\n\t\t\t\t\t<div class=\"elementor-column elementor-col-33 elementor-top-column elementor-element elementor-element-12e42db\" data-id=\"12e42db\" data-element_type=\"column\" data-e-type=\"column\">\n\t\t\t<div class=\"elementor-widget-wrap elementor-element-populated\">\n\t\t\t\t\t\t<div class=\"elementor-element elementor-element-0aeb31b elementor-widget elementor-widget-heading\" data-id=\"0aeb31b\" data-element_type=\"widget\" data-e-type=\"widget\" data-widget_type=\"heading.default\">\n\t\t\t\t<div class=\"elementor-widget-container\">\n\t\t\t\t\t<h4 class=\"elementor-heading-title elementor-size-default\">autor: diablitodelaguarda@yahoo.com.mx<\/h4>\t\t\t\t<\/div>\n\t\t\t\t<\/div>\n\t\t\t\t<div class=\"elementor-element elementor-element-aa60536 elementor-widget elementor-widget-text-editor\" data-id=\"aa60536\" data-element_type=\"widget\" data-e-type=\"widget\" data-widget_type=\"text-editor.default\">\n\t\t\t\t<div class=\"elementor-widget-container\">\n\t\t\t\t\t\t\t\t\t<p>La pol\u00edtica huele asquerosa, desde hace muchos siglos el noble concepto con que se acun\u00f3, \u201carte de gobernar al pueblo\u201d se viene corrompiendo, porque la palabra \u201carte\u201d se ha venido desvirtuando hasta ser un sin\u00f3nimo de \u201cmentira\u201d, y con la mentira viene la corrupci\u00f3n, el abuso, la trampa, el despilfarro\u2026 los entes que ejercen la pol\u00edtica se miran con desconfianza, sin embargo tienen cierto dominio o confianza que con pan y circo pueden salirse con la suya y seguir manteniendo al pueblo subyugado. Hemos visto de todo durante estas campa\u00f1as electorales, que gracias a Dios est\u00e1n a punto de concluir logrando exitosamente llevarnos hasta el hartazgo, desgraciadamente muy poco hubo de propuestas, y dentro de ese nimiedad la mayor\u00eda de ellas son irrealizables, al fin que prometer no empobrece; no comprendo si lo que se pretende es que votemos, que ejerzamos nuestro poder democr\u00e1tico o inhibirnos de hacerlos, porque lo \u00fanico que logran con sus bizarras pantomimas es ahuyentar a los ciudadanos de las casillas, es necesaria una reforma electoral, ya hemos platicando muchas ocasiones lo conveniente de tener un bipartidismos, igual es necesario recortar los tiempos de campa\u00f1as pol\u00edticas y reducir hasta lo min\u00fasculo el financiamiento a partidos pol\u00edticos, y que la publicidad sea regulada y solo en los espacios y tiempos oficiales que los medios pagan al estado, y en fin se requiere una multiplicidad de cambios.<\/p>\t\t\t\t\t\t\t\t<\/div>\n\t\t\t\t<\/div>\n\t\t\t\t\t<\/div>\n\t\t<\/div>\n\t\t\t\t<div class=\"elementor-column elementor-col-33 elementor-top-column elementor-element elementor-element-e078ce8\" data-id=\"e078ce8\" data-element_type=\"column\" data-e-type=\"column\">\n\t\t\t<div class=\"elementor-widget-wrap elementor-element-populated\">\n\t\t\t\t\t\t<div class=\"elementor-element elementor-element-4b91aa0 elementor-widget elementor-widget-text-editor\" data-id=\"4b91aa0\" data-element_type=\"widget\" data-e-type=\"widget\" data-widget_type=\"text-editor.default\">\n\t\t\t\t<div class=\"elementor-widget-container\">\n\t\t\t\t\t\t\t\t\t<p>Argumento lo anterior, bueno yo no, el mismo personaje hace ver todo esto necesario con el hedor que despierta su multimillonaria campa\u00f1a pol\u00edtica, Juan Zepeda pretende volver a gobernar Netzahualc\u00f3yotl, aun sabiendo que nadie lo quiere de vuelta, vali\u00e9ndose de un derroche millonario de recursos, pago de Spots en televisi\u00f3n, radio, Internet, espectaculares; lonas; simplemente charlando en confidencia con sus promotores de voto comentan que se les pagan $1,500 pesos semanales y que est\u00e1n contratados m\u00e1s de mil, pero est\u00e1n aleccionados y amenazados, deben decir, en caso de que alguien les pregunte, que andan asole\u00e1ndose por puro amor al candidato; $1,500,000.00 a la semana solamente para este rubro, y qu\u00e9 decir de los 20 veh\u00edculos Aveo contabilizados en una caravana, todos del a\u00f1o y rotulados exclusivamente con su imagen y colores de su partido pol\u00edtico Movimiento Ciudadano, haci\u00e9ndole caso a mi curiosidad, me dio por investigar el precio de estos autos, considerando que sean austeros su costo es de $228,000.00 cada uno, lo que nos da $4,560,000.00, ah y su cierre de campa\u00f1a que considerando los importes que solicitan los grupos que se presentaron (7), el chistecito seg\u00fan estimaciones estuvo costando entre los 3 y los 5 millones de pesos; independientemente del poco respeto a la salud para atreverse a hacer este evento en medio de la pandemia que sufrimos.<\/p><p>\u00a0<\/p>\t\t\t\t\t\t\t\t<\/div>\n\t\t\t\t<\/div>\n\t\t\t\t\t<\/div>\n\t\t<\/div>\n\t\t\t\t<div class=\"elementor-column elementor-col-33 elementor-top-column elementor-element elementor-element-5a18f3e\" data-id=\"5a18f3e\" data-element_type=\"column\" data-e-type=\"column\">\n\t\t\t<div class=\"elementor-widget-wrap elementor-element-populated\">\n\t\t\t\t\t\t<div class=\"elementor-element elementor-element-c7b993a elementor-widget elementor-widget-text-editor\" data-id=\"c7b993a\" data-element_type=\"widget\" data-e-type=\"widget\" data-widget_type=\"text-editor.default\">\n\t\t\t\t<div class=\"elementor-widget-container\">\n\t\t\t\t\t\t\t\t\t<p>Me sorprende que en un municipio que se sigue considerando ciudad dormitorio, pues es poca la econom\u00eda que se autogenera sea un bot\u00edn tan valioso, y de d\u00f3nde sale tanto dinero que obviamente ya rebas\u00f3 el tope de gastos de campa\u00f1a, pregunt\u00f3 qu\u00e9 trasfondo tendr\u00e1 esto, quiz\u00e1 son las fichas que se empiezan a mover con miras a la renovaci\u00f3n de la gubernatura de 2023, sea cual fuera, Juan Zepeda ha comenzado mal, es mal visto por el electorado, las encuestas reales lo ubican por debajo de Morena, esperemos que sea bien visto por el Tribunal Electoral del Estado de M\u00e9xico.<\/p><p>\u00a0<\/p><p><strong>Quejas, opiniones y sugerencias a este diablito que huele rico y no deja contaminar con los hedores de la pol\u00edtica.<\/strong><\/p><p><strong>diablitodelaguarda@yahoo.com.mx <\/strong><\/p>\t\t\t\t\t\t\t\t<\/div>\n\t\t\t\t<\/div>\n\t\t\t\t\t<\/div>\n\t\t<\/div>\n\t\t\t\t\t<\/div>\n\t\t<\/section>\n\t\t\t\t<section class=\"elementor-section elementor-top-section elementor-element elementor-element-eb1b566 elementor-section-boxed elementor-section-height-default elementor-section-height-default\" data-id=\"eb1b566\" data-element_type=\"section\" data-e-type=\"section\" data-settings=\"{&quot;background_background&quot;:&quot;classic&quot;}\">\n\t\t\t\t\t\t<div class=\"elementor-container elementor-column-gap-default\">\n\t\t\t\t\t<div class=\"elementor-column elementor-col-100 elementor-top-column elementor-element elementor-element-d4aeefb\" data-id=\"d4aeefb\" data-element_type=\"column\" data-e-type=\"column\">\n\t\t\t<div class=\"elementor-widget-wrap elementor-element-populated\">\n\t\t\t\t\t\t<div class=\"elementor-element elementor-element-ca4409e elementor-widget-divider--view-line elementor-widget elementor-widget-divider\" data-id=\"ca4409e\" data-element_type=\"widget\" data-e-type=\"widget\" data-widget_type=\"divider.default\">\n\t\t\t\t<div class=\"elementor-widget-container\">\n\t\t\t\t\t\t\t<div class=\"elementor-divider\">\n\t\t\t<span class=\"elementor-divider-separator\">\n\t\t\t\t\t\t<\/span>\n\t\t<\/div>\n\t\t\t\t\t\t<\/div>\n\t\t\t\t<\/div>\n\t\t\t\t<div class=\"elementor-element elementor-element-462c48b elementor-widget elementor-widget-heading\" data-id=\"462c48b\" data-element_type=\"widget\" data-e-type=\"widget\" data-widget_type=\"heading.default\">\n\t\t\t\t<div class=\"elementor-widget-container\">\n\t\t\t\t\t<h2 class=\"elementor-heading-title elementor-size-medium\">El diablito de la guarda en la pol\u00edtica<\/h2>\t\t\t\t<\/div>\n\t\t\t\t<\/div>\n\t\t\t\t<div class=\"elementor-element elementor-element-7caddfe elementor-widget elementor-widget-heading\" data-id=\"7caddfe\" data-element_type=\"widget\" data-e-type=\"widget\" data-widget_type=\"heading.default\">\n\t\t\t\t<div class=\"elementor-widget-container\">\n\t\t\t\t\t<h1 class=\"elementor-heading-title elementor-size-default\">Defender lo indefendible \no de nuevo los panistas \nmuestran el cobre<\/h1>\t\t\t\t<\/div>\n\t\t\t\t<\/div>\n\t\t\t\t\t<\/div>\n\t\t<\/div>\n\t\t\t\t\t<\/div>\n\t\t<\/section>\n\t\t\t\t<section class=\"elementor-section elementor-top-section elementor-element elementor-element-bbba6c1 elementor-section-boxed elementor-section-height-default elementor-section-height-default\" data-id=\"bbba6c1\" data-element_type=\"section\" data-e-type=\"section\" data-settings=\"{&quot;background_background&quot;:&quot;classic&quot;}\">\n\t\t\t\t\t\t<div class=\"elementor-container elementor-column-gap-default\">\n\t\t\t\t\t<div class=\"elementor-column elementor-col-33 elementor-top-column elementor-element elementor-element-970f2b5\" data-id=\"970f2b5\" data-element_type=\"column\" data-e-type=\"column\">\n\t\t\t<div class=\"elementor-widget-wrap elementor-element-populated\">\n\t\t\t\t\t\t<div class=\"elementor-element elementor-element-ad47b3a elementor-widget elementor-widget-heading\" data-id=\"ad47b3a\" data-element_type=\"widget\" data-e-type=\"widget\" data-widget_type=\"heading.default\">\n\t\t\t\t<div class=\"elementor-widget-container\">\n\t\t\t\t\t<h4 class=\"elementor-heading-title elementor-size-default\">autor: diablitodelaguarda@yahoo.com.mx<\/h4>\t\t\t\t<\/div>\n\t\t\t\t<\/div>\n\t\t\t\t<div class=\"elementor-element elementor-element-b2f7f1e elementor-widget elementor-widget-text-editor\" data-id=\"b2f7f1e\" data-element_type=\"widget\" data-e-type=\"widget\" data-widget_type=\"text-editor.default\">\n\t\t\t\t<div class=\"elementor-widget-container\">\n\t\t\t\t\t\t\t\t\t<p>Mis lectores dir\u00e1n que parezco disco rayado, que en las filas de Movimiento Ciudadano, MORENA y el PRI (sin menospreciar a la chiquillada), tambi\u00e9n hay actos viles de corrupci\u00f3n, intromisi\u00f3n de la\u00a0 delincuencia organizada; desacato descarado y escandaloso a las reglas electorales que el INE no ve, ni escucha salvo que suenen como un susurro de parte de MORENA. He pasado el d\u00eda escuchando por doquier voces en defensa por la supuesta orden de aprensi\u00f3n girada contra el Gobernador de Tamaulipas, Francisco Javier Cabeza de Vaca. Debo de confesar que le hab\u00eda puesto poca atenci\u00f3n a este personaje, sab\u00eda de su presidencia municipal de Reynosa caracterizada por una presencia exponencial del crimen organizado, despu\u00e9s y para mi sorpresa de haber ganado la gubernatura de Tamaulipas rompiendo 86 a\u00f1os de hegemon\u00eda Pri\u00edsta.<\/p><p>Hasta ahora que se pone en el ojo del hurac\u00e1n despu\u00e9s de las investigaciones de la Unidad de Inteligencia Financiera (UIF), dependiente de la Secretar\u00eda de Hacienda y Cr\u00e9dito P\u00fablico, cuyos resultados los suponen como responsable de delincuencia organizada, operaciones con recursos il\u00edcitos, defraudaci\u00f3n fiscal, enriquecimiento il\u00edcito y lo que resulte; vuelvo a percatarme el dicho personaje y mi primera sorpresa es\u00a0 que un tipo fichado en Texas por robo de armas se haya encumbrado con benepl\u00e1cito del PAN hasta llegar a una gubernatura, sin olvidar la previa presidencia municipal de Reynosa y la senadur\u00eda (tambi\u00e9n cuestionada por las declaraciones de Emilio Lozoya Austin\u00a0 en relaci\u00f3n al caso Odebrecht), y mi segunda sorpresa, creo ya indignaci\u00f3n son las voces que ladran en su defensa<\/p><p>\u00a0<\/p>\t\t\t\t\t\t\t\t<\/div>\n\t\t\t\t<\/div>\n\t\t\t\t\t<\/div>\n\t\t<\/div>\n\t\t\t\t<div class=\"elementor-column elementor-col-33 elementor-top-column elementor-element elementor-element-f1041bd\" data-id=\"f1041bd\" data-element_type=\"column\" data-e-type=\"column\">\n\t\t\t<div class=\"elementor-widget-wrap elementor-element-populated\">\n\t\t\t\t\t\t<div class=\"elementor-element elementor-element-6461a24 elementor-widget elementor-widget-text-editor\" data-id=\"6461a24\" data-element_type=\"widget\" data-e-type=\"widget\" data-widget_type=\"text-editor.default\">\n\t\t\t\t<div class=\"elementor-widget-container\">\n\t\t\t\t\t\t\t\t\t<p>\u00a0argumentando el marco constitucional, y no dudo que sea v\u00e1lido y se deba respetar, mi problema es por qu\u00e9 a este tipo de gentes se les deja escapar por vac\u00edos legales, por qu\u00e9 su partido pol\u00edtico, de mayor\u00eda en el Congreso de su Estado, lo protege cuando esos diputados tiene la obligaci\u00f3n jurada y moral de servir al pueblo \u00bfhabr\u00e1 tambi\u00e9n all\u00ed reparto de dinero, o de amenazas?. Hay gente en las c\u00e1rceles por el robo de un pan, por delitos que no cometieron y para ellos no existe un marco constitucional a modo, esas voces que defienden lo indefendible me escupen en la cara que la c\u00e1rcel es para los pobres y la impunidad para los delincuentes de cuello blanco, cada vez mas percudidos, ojal\u00e1 se logre cabalmente el desafuero de Cabeza de Vaca, se presente a tribunales y en un proceso transparente demuestre su inocencia o no.<\/p><p>En otro caso pero sobre el mismo tenor al ex senador por Campeche, PANISTA, de que otro partido podr\u00eda ser, Jorge Luis Lavalle, se le descubren propiedades adquiridas injustificadamente de acuerdo a los ingresos declarados, cosa que evidenc\u00eda a\u00fan m\u00e1s las acusaciones de haber recibido sobornos millonarios a cambio de aprobar la Reforma Energ\u00e9tica. Y seguir\u00edamos hablando de lo que ocurre en Guanajuato y Yucat\u00e1n pero creo que mi bilis se derrama y mi espacio se agota.<\/p><p>\u00a0<\/p><p><strong>Quejas, opiniones y sugerencias a este diablito que ni espantado, enojado o indignado come pan, y prefiere un tequila.<\/strong><\/p><p><strong>diablitodelaguarda@yahoo.com.mx<\/strong><\/p>\t\t\t\t\t\t\t\t<\/div>\n\t\t\t\t<\/div>\n\t\t\t\t\t<\/div>\n\t\t<\/div>\n\t\t\t\t<div class=\"elementor-column elementor-col-33 elementor-top-column elementor-element elementor-element-f0f5f6c\" data-id=\"f0f5f6c\" data-element_type=\"column\" data-e-type=\"column\">\n\t\t\t<div class=\"elementor-widget-wrap elementor-element-populated\">\n\t\t\t\t\t\t\t<\/div>\n\t\t<\/div>\n\t\t\t\t\t<\/div>\n\t\t<\/section>\n\t\t\t\t<section class=\"elementor-section elementor-top-section elementor-element elementor-element-25940e4 elementor-section-boxed elementor-section-height-default elementor-section-height-default\" data-id=\"25940e4\" data-element_type=\"section\" data-e-type=\"section\" data-settings=\"{&quot;background_background&quot;:&quot;classic&quot;}\">\n\t\t\t\t\t\t<div class=\"elementor-container elementor-column-gap-default\">\n\t\t\t\t\t<div class=\"elementor-column elementor-col-100 elementor-top-column elementor-element elementor-element-2e65184\" data-id=\"2e65184\" data-element_type=\"column\" data-e-type=\"column\">\n\t\t\t<div class=\"elementor-widget-wrap elementor-element-populated\">\n\t\t\t\t\t\t<div class=\"elementor-element elementor-element-4918cc8 elementor-widget-divider--view-line elementor-widget elementor-widget-divider\" data-id=\"4918cc8\" data-element_type=\"widget\" data-e-type=\"widget\" data-widget_type=\"divider.default\">\n\t\t\t\t<div class=\"elementor-widget-container\">\n\t\t\t\t\t\t\t<div class=\"elementor-divider\">\n\t\t\t<span class=\"elementor-divider-separator\">\n\t\t\t\t\t\t<\/span>\n\t\t<\/div>\n\t\t\t\t\t\t<\/div>\n\t\t\t\t<\/div>\n\t\t\t\t<div class=\"elementor-element elementor-element-e9a64f1 elementor-widget elementor-widget-heading\" data-id=\"e9a64f1\" data-element_type=\"widget\" data-e-type=\"widget\" data-widget_type=\"heading.default\">\n\t\t\t\t<div class=\"elementor-widget-container\">\n\t\t\t\t\t<h2 class=\"elementor-heading-title elementor-size-medium\">JUGLAR <\/h2>\t\t\t\t<\/div>\n\t\t\t\t<\/div>\n\t\t\t\t<div class=\"elementor-element elementor-element-8299124 elementor-widget elementor-widget-heading\" data-id=\"8299124\" data-element_type=\"widget\" data-e-type=\"widget\" data-widget_type=\"heading.default\">\n\t\t\t\t<div class=\"elementor-widget-container\">\n\t\t\t\t\t<h1 class=\"elementor-heading-title elementor-size-default\">La culpa es de ellos, pero a la vez de todos<\/h1>\t\t\t\t<\/div>\n\t\t\t\t<\/div>\n\t\t\t\t\t<\/div>\n\t\t<\/div>\n\t\t\t\t\t<\/div>\n\t\t<\/section>\n\t\t\t\t<section class=\"elementor-section elementor-top-section elementor-element elementor-element-fb7aaa1 elementor-section-boxed elementor-section-height-default elementor-section-height-default\" data-id=\"fb7aaa1\" data-element_type=\"section\" data-e-type=\"section\" data-settings=\"{&quot;background_background&quot;:&quot;classic&quot;}\">\n\t\t\t\t\t\t<div class=\"elementor-container elementor-column-gap-default\">\n\t\t\t\t\t<div class=\"elementor-column elementor-col-33 elementor-top-column elementor-element elementor-element-590612d\" data-id=\"590612d\" data-element_type=\"column\" data-e-type=\"column\">\n\t\t\t<div class=\"elementor-widget-wrap elementor-element-populated\">\n\t\t\t\t\t\t<div class=\"elementor-element elementor-element-e9b6a89 elementor-widget elementor-widget-image\" data-id=\"e9b6a89\" data-element_type=\"widget\" data-e-type=\"widget\" data-widget_type=\"image.default\">\n\t\t\t\t<div class=\"elementor-widget-container\">\n\t\t\t\t\t\t\t\t\t\t\t\t\t\t\t<img fetchpriority=\"high\" decoding=\"async\" width=\"216\" height=\"300\" src=\"https:\/\/diarioelrapsoda.com\/wp-content\/uploads\/2021\/05\/foto-F-2-216x300.jpg\" class=\"attachment-medium size-medium wp-image-1140\" alt=\"\" srcset=\"https:\/\/diarioelrapsoda.com\/wp-content\/uploads\/2021\/05\/foto-F-2-216x300.jpg 216w, https:\/\/diarioelrapsoda.com\/wp-content\/uploads\/2021\/05\/foto-F-2-738x1024.jpg 738w, https:\/\/diarioelrapsoda.com\/wp-content\/uploads\/2021\/05\/foto-F-2-768x1065.jpg 768w, https:\/\/diarioelrapsoda.com\/wp-content\/uploads\/2021\/05\/foto-F-2-1107x1536.jpg 1107w, https:\/\/diarioelrapsoda.com\/wp-content\/uploads\/2021\/05\/foto-F-2-1476x2048.jpg 1476w, https:\/\/diarioelrapsoda.com\/wp-content\/uploads\/2021\/05\/foto-F-2-scaled.jpg 1845w\" sizes=\"(max-width: 216px) 100vw, 216px\" \/>\t\t\t\t\t\t\t\t\t\t\t\t\t\t\t<\/div>\n\t\t\t\t<\/div>\n\t\t\t\t<div class=\"elementor-element elementor-element-3efd291 elementor-widget elementor-widget-heading\" data-id=\"3efd291\" data-element_type=\"widget\" data-e-type=\"widget\" data-widget_type=\"heading.default\">\n\t\t\t\t<div class=\"elementor-widget-container\">\n\t\t\t\t\t<h3 class=\"elementor-heading-title elementor-size-default\">autor: RAMIRO PACHECO<\/h3>\t\t\t\t<\/div>\n\t\t\t\t<\/div>\n\t\t\t\t<div class=\"elementor-element elementor-element-5eba8d1 elementor-widget elementor-widget-text-editor\" data-id=\"5eba8d1\" data-element_type=\"widget\" data-e-type=\"widget\" data-widget_type=\"text-editor.default\">\n\t\t\t\t<div class=\"elementor-widget-container\">\n\t\t\t\t\t\t\t\t\t<p>En los \u00faltimos d\u00edas hemos visto en distintos medios de comunicaci\u00f3n que se debate el tema de la escasez de agua en el pa\u00eds y con justa raz\u00f3n, ya que estamos atravesando una de las sequias mas importantes en toda nuestra historia, el problema es que, <strong><em>en medio de estos debates y opiniones desinformadas, nos encontramos con argumentos que culpan a las pol\u00edticas gubernamentales y se les atribuye toda la carga y aunque en algunos casos se tiene raz\u00f3n, en otros no.<\/em><\/strong><\/p><p>El Servicio Meteorol\u00f3gico Nacional (SMN) menciona que, de marzo a finales de abril, casi el 85% del pa\u00eds se encuentra en alg\u00fan grado de sequ\u00eda, de eso, un 12% es anormalmente seco. De esto nos damos cuenta especialmente cuando vemos noticias de estados como Zacatecas, Coahuila, Sinaloa o Chihuahua. En este \u00faltimo con la pol\u00e9mica de hace unos meses con Estados Unidos en relaci\u00f3n a la presa de la Boquilla y el famoso Tratado de Aguas entre ambas naciones.<\/p><p>\u00a0<\/p><p>\u00a0<\/p>\t\t\t\t\t\t\t\t<\/div>\n\t\t\t\t<\/div>\n\t\t\t\t\t<\/div>\n\t\t<\/div>\n\t\t\t\t<div class=\"elementor-column elementor-col-33 elementor-top-column elementor-element elementor-element-cb22275\" data-id=\"cb22275\" data-element_type=\"column\" data-e-type=\"column\">\n\t\t\t<div class=\"elementor-widget-wrap elementor-element-populated\">\n\t\t\t\t\t\t<div class=\"elementor-element elementor-element-e0abdee elementor-widget elementor-widget-text-editor\" data-id=\"e0abdee\" data-element_type=\"widget\" data-e-type=\"widget\" data-widget_type=\"text-editor.default\">\n\t\t\t\t<div class=\"elementor-widget-container\">\n\t\t\t\t\t\t\t\t\t<p>Es cierto que las pol\u00edticas que este pa\u00eds ha llevado a cabo en gobiernos anteriores <strong><em>han favorecido a las empresas particulares en la explotaci\u00f3n de este recurso<\/em><\/strong>, sobre todo <strong><em>en las concesiones otorgadas para el uso agr\u00edcola, industrial y servicios tur\u00edsticos a partir de la pol\u00e9mica Ley de Aguas Nacionales de 1992, durante el gobierno de Salinas de Gortari<\/em><\/strong>, en la cual no se les establece un l\u00edmite preciso para la explotaci\u00f3n. Pero si nos ponemos a revisar a detalle los n\u00fameros, nos dar\u00edamos cuenta que, como dice el presidente: <em>\u201cse tienen otros datos\u201d.<\/em><\/p><p>Del agua que se consume al a\u00f1o en este pa\u00eds, el 76% se destina al uso agr\u00edcola; 14.4% al uso p\u00fablico y domestico; 4.9 al uso industrial y el 4.7 a las plantas termoel\u00e9ctricas. \u00bfA que quiero llegar con esto? Que, si bien se ha dicho mucho que los grandes monstruos de la industria refresquera o cervecera que operan en M\u00e9xico han sido los causantes de la escasez de agua en el pa\u00eds, vemos que no es del todo cierto.<\/p><p>No hay defensa para estas empresas que durante muchos a\u00f1os han explotado el recurso con total impunidad y sin regulaciones por parte de las autoridades, pero especialmente <strong><em>el sector agr\u00edcola ha sido el que mas ha acaparado el agua y sabemos que la infraestructura del campo mexicano no es de las m\u00e1s modernas que digamos<\/em><\/strong>, eso sin contar la corrupci\u00f3n para ah\u00ed mismo hacer negocios con el l\u00edquido.<\/p><p>Lo anterior lo podemos ejemplificar r\u00e1pidamente con los grandes ranchos de pol\u00edticos mexicanos en los cuales se encuentran algunas presas que bien podr\u00edan suministrar a gran parte de la poblaci\u00f3n, ah\u00ed esta el caso de <strong><em>las tierras de Cabeza de Vaca en la presa Vicente Guerrero o Guillermo Padr\u00e9s con una presa particular en su rancho, misma que la Conagua otorg\u00f3 la concesi\u00f3n. <\/em><\/strong><\/p>\t\t\t\t\t\t\t\t<\/div>\n\t\t\t\t<\/div>\n\t\t\t\t\t<\/div>\n\t\t<\/div>\n\t\t\t\t<div class=\"elementor-column elementor-col-33 elementor-top-column elementor-element elementor-element-8ac789d\" data-id=\"8ac789d\" data-element_type=\"column\" data-e-type=\"column\">\n\t\t\t<div class=\"elementor-widget-wrap elementor-element-populated\">\n\t\t\t\t\t\t<div class=\"elementor-element elementor-element-b0b433a elementor-widget elementor-widget-text-editor\" data-id=\"b0b433a\" data-element_type=\"widget\" data-e-type=\"widget\" data-widget_type=\"text-editor.default\">\n\t\t\t\t<div class=\"elementor-widget-container\">\n\t\t\t\t\t\t\t\t\t<p>Otros factores muy importantes que han provocado estas sequ\u00edas en estos tiempos son: la falta de lluvias, en lo que va de este a\u00f1o ha llovido 31% menos con respecto al a\u00f1o anterior; en 2021 se redujo 46.2% el almacenamiento de precipitaciones en las presas, su nivel mas bajo desde 1941 (Conagua); por si fuera poco, de enero a finales de abril, se han registrado 4,676 incendios forestales en todo el pa\u00eds y est\u00e1 de m\u00e1s decir, estos incendios han sido sofocados con agua de presas, r\u00edos, lagos, etc..<\/p><p>En el valle de M\u00e9xico sabemos de esto y lo sufrimos todos los d\u00edas, si no es el sistema Cutzamala, es otra cosa<strong><em>. Seg\u00fan el INEGI, 8.5 millones de mexicanos no tienen conexi\u00f3n a una red de agua potable; 30% de los hogares mexicanos sufre a diario cortes del suministro o alg\u00fan otro tipo de afectaci\u00f3n, y a eso a\u00fan hay que aumentarle que durante esta pandemia el consumo dom\u00e9stico ha incrementado.<\/em><\/strong><\/p><p>De unos a\u00f1os para ac\u00e1 se ha tratado de hacer conciencia acerca del desperdicio del agua no solo en M\u00e9xico, si no en el mundo<em>. En nuestro pa\u00eds se nos hace m\u00e1s f\u00e1cil echarle a culpa a los dem\u00e1s de lo que tambi\u00e9n nos corresponde. <strong>Si bien la corrupci\u00f3n de los de arriba es un factor lamentable, la inconciencia colectiva lo es m\u00e1s.<\/strong><\/em><\/p><p>\u00a0<\/p>\t\t\t\t\t\t\t\t<\/div>\n\t\t\t\t<\/div>\n\t\t\t\t\t<\/div>\n\t\t<\/div>\n\t\t\t\t\t<\/div>\n\t\t<\/section>\n\t\t\t\t<section class=\"elementor-section elementor-top-section elementor-element elementor-element-c80fbdc elementor-section-boxed elementor-section-height-default elementor-section-height-default\" data-id=\"c80fbdc\" data-element_type=\"section\" data-e-type=\"section\" data-settings=\"{&quot;background_background&quot;:&quot;classic&quot;}\">\n\t\t\t\t\t\t<div class=\"elementor-container elementor-column-gap-default\">\n\t\t\t\t\t<div class=\"elementor-column elementor-col-100 elementor-top-column elementor-element elementor-element-40a6de3\" data-id=\"40a6de3\" data-element_type=\"column\" data-e-type=\"column\">\n\t\t\t<div class=\"elementor-widget-wrap elementor-element-populated\">\n\t\t\t\t\t\t<div class=\"elementor-element elementor-element-984a918 elementor-widget-divider--view-line elementor-widget elementor-widget-divider\" data-id=\"984a918\" data-element_type=\"widget\" data-e-type=\"widget\" data-widget_type=\"divider.default\">\n\t\t\t\t<div class=\"elementor-widget-container\">\n\t\t\t\t\t\t\t<div class=\"elementor-divider\">\n\t\t\t<span class=\"elementor-divider-separator\">\n\t\t\t\t\t\t<\/span>\n\t\t<\/div>\n\t\t\t\t\t\t<\/div>\n\t\t\t\t<\/div>\n\t\t\t\t<div class=\"elementor-element elementor-element-f43ef0f elementor-widget elementor-widget-heading\" data-id=\"f43ef0f\" data-element_type=\"widget\" data-e-type=\"widget\" data-widget_type=\"heading.default\">\n\t\t\t\t<div class=\"elementor-widget-container\">\n\t\t\t\t\t<h2 class=\"elementor-heading-title elementor-size-medium\">El diablito de la guarda en la pol\u00edtica<\/h2>\t\t\t\t<\/div>\n\t\t\t\t<\/div>\n\t\t\t\t<div class=\"elementor-element elementor-element-61c690c elementor-widget elementor-widget-heading\" data-id=\"61c690c\" data-element_type=\"widget\" data-e-type=\"widget\" data-widget_type=\"heading.default\">\n\t\t\t\t<div class=\"elementor-widget-container\">\n\t\t\t\t\t<h1 class=\"elementor-heading-title elementor-size-default\">A muchas cosas  MARIPOSAS<\/h1>\t\t\t\t<\/div>\n\t\t\t\t<\/div>\n\t\t\t\t\t<\/div>\n\t\t<\/div>\n\t\t\t\t\t<\/div>\n\t\t<\/section>\n\t\t\t\t<section class=\"elementor-section elementor-top-section elementor-element elementor-element-6ebe6ac elementor-section-boxed elementor-section-height-default elementor-section-height-default\" data-id=\"6ebe6ac\" data-element_type=\"section\" data-e-type=\"section\" data-settings=\"{&quot;background_background&quot;:&quot;classic&quot;}\">\n\t\t\t\t\t\t<div class=\"elementor-container elementor-column-gap-default\">\n\t\t\t\t\t<div class=\"elementor-column elementor-col-33 elementor-top-column elementor-element elementor-element-a1cdf9e\" data-id=\"a1cdf9e\" data-element_type=\"column\" data-e-type=\"column\">\n\t\t\t<div class=\"elementor-widget-wrap elementor-element-populated\">\n\t\t\t\t\t\t<div class=\"elementor-element elementor-element-1269fd2 elementor-widget elementor-widget-image\" data-id=\"1269fd2\" data-element_type=\"widget\" data-e-type=\"widget\" data-widget_type=\"image.default\">\n\t\t\t\t<div class=\"elementor-widget-container\">\n\t\t\t\t\t\t\t\t\t\t\t\t\t\t\t<img decoding=\"async\" width=\"800\" height=\"600\" src=\"https:\/\/diarioelrapsoda.com\/wp-content\/uploads\/2021\/02\/fad4a8f1-b8c3-4167-9836-18c55ae9d18c-1024x768.jpg\" class=\"attachment-large size-large wp-image-501\" alt=\"\" srcset=\"https:\/\/diarioelrapsoda.com\/wp-content\/uploads\/2021\/02\/fad4a8f1-b8c3-4167-9836-18c55ae9d18c-1024x768.jpg 1024w, https:\/\/diarioelrapsoda.com\/wp-content\/uploads\/2021\/02\/fad4a8f1-b8c3-4167-9836-18c55ae9d18c-300x225.jpg 300w, https:\/\/diarioelrapsoda.com\/wp-content\/uploads\/2021\/02\/fad4a8f1-b8c3-4167-9836-18c55ae9d18c-768x576.jpg 768w, https:\/\/diarioelrapsoda.com\/wp-content\/uploads\/2021\/02\/fad4a8f1-b8c3-4167-9836-18c55ae9d18c.jpg 1152w\" sizes=\"(max-width: 800px) 100vw, 800px\" \/>\t\t\t\t\t\t\t\t\t\t\t\t\t\t\t<\/div>\n\t\t\t\t<\/div>\n\t\t\t\t<div class=\"elementor-element elementor-element-36e66d9 elementor-widget elementor-widget-heading\" data-id=\"36e66d9\" data-element_type=\"widget\" data-e-type=\"widget\" data-widget_type=\"heading.default\">\n\t\t\t\t<div class=\"elementor-widget-container\">\n\t\t\t\t\t<h3 class=\"elementor-heading-title elementor-size-default\">autor: <\/h3>\t\t\t\t<\/div>\n\t\t\t\t<\/div>\n\t\t\t\t<div class=\"elementor-element elementor-element-d49781c elementor-widget elementor-widget-text-editor\" data-id=\"d49781c\" data-element_type=\"widget\" data-e-type=\"widget\" data-widget_type=\"text-editor.default\">\n\t\t\t\t<div class=\"elementor-widget-container\">\n\t\t\t\t\t\t\t\t\t<p><span style=\"font-weight: 400;\">Las campa\u00f1as pol\u00edticas ya comenzaron en el Estado de M\u00e9xico aun cuando el arranque para las campa\u00f1as pol\u00edticas est\u00e1 pactado para el d\u00eda 30 de abril y aun sabiendo de los madruguetes que se suelen estilar, debido al contexto de la pandemia se esperaba cierta dignidad por parte de los partidos pol\u00edticos pero no ocurre as\u00ed:\u00a0<\/span><\/p><p><span style=\"font-weight: 400;\">En Nezahualc\u00f3yotl, Estado de M\u00e9xico el partido Movimiento Ciudadano comandado por el chapul\u00edn Juan Zepeda ya hace congregaci\u00f3n por las avenidas principales de sus huestes ignorando cualquier medida sanitaria; todos muy uniformaditos de color naranja, con mantas, pendones, lonche\u2026 pregunto: \u00bfde d\u00f3nde salen esos gastos?; No creo que del presupuesto asignado al partido pues a\u00fan no pueden ejercerlos para tales fines.<\/span><\/p>\t\t\t\t\t\t\t\t<\/div>\n\t\t\t\t<\/div>\n\t\t\t\t\t<\/div>\n\t\t<\/div>\n\t\t\t\t<div class=\"elementor-column elementor-col-33 elementor-top-column elementor-element elementor-element-9c941aa\" data-id=\"9c941aa\" data-element_type=\"column\" data-e-type=\"column\">\n\t\t\t<div class=\"elementor-widget-wrap elementor-element-populated\">\n\t\t\t\t\t\t<div class=\"elementor-element elementor-element-47ea0b0 elementor-widget elementor-widget-text-editor\" data-id=\"47ea0b0\" data-element_type=\"widget\" data-e-type=\"widget\" data-widget_type=\"text-editor.default\">\n\t\t\t\t<div class=\"elementor-widget-container\">\n\t\t\t\t\t\t\t\t\t<p><span style=\"font-weight: 400;\">Creo tener una posible respuesta: los postes se est\u00e1n cayendo en Nezahualc\u00f3yotl, pocos a\u00f1os han bastado para corroerlos y hacerlos caer, esperemos que Juan Hugo de la Rosa no vaya a hacer el mismo derroche econ\u00f3mico a la hora de pagar sus ambiciones pol\u00edticas pues las obras de cart\u00f3n hechas en dicho municipio tambi\u00e9n son suyas\u2026 seguiremos al pendiente.<\/span><\/p><p><span style=\"font-weight: 400;\">En Chimalhuac\u00e1n en actos donde se detecta el miedo personajes nocturnos salen a borrar propaganda del partido Movimiento de Regeneraci\u00f3n Nacional, los mal pensados dicen que son Antorchitas, yo simplemente me persigno, no sea que ande suelto por esos barrios polvosos un chupacabras conjurado por la cuarta candidatura de Jes\u00fas Tolentino Rom\u00e1n Boj\u00f3rquez metida a sus propios correligionarios con calzador.<\/span><\/p><p><span style=\"font-weight: 400;\">\u00daltimo comentario en relaci\u00f3n a los municipios mencionados:<\/span><\/p><p><span style=\"font-weight: 400;\">He estado visitando municipios del Estado de M\u00e9xico y tanto Chimalhuac\u00e1n como Nezahualc\u00f3yotl exhiben un manejo p\u00e9simo de la crisis sanitaria que nos aqueja, sobre todo Chimalhuac\u00e1n donde los propios habitantes de regodean de ser inmunes al virus, dicen que debido a la pobreza no pueden acudir a un m\u00e9dico, mucho menos compra medicamentos y ni hables de ser atendidos en un hospital p\u00fablico as\u00ed que utilizan poderosos remedios caseros para superar la infecci\u00f3n; otros comentan que han agarrado defensas al vivir conviniendo con el polvo, la basura, la fauna canina, los tianguis de chacharas y\u00a0 el desag\u00fce desde siempre.\u00a0 Pero es un hecho que algo les funciona pues el \u00edndice de mortalidad es considerablemente menor en comparaci\u00f3n a Nezahualc\u00f3yotl a pesar del p\u00e9simo manejo por parte de municipio que tiene viviendo al municipio ignorando cualquier medida sanitaria.<\/span><\/p>\t\t\t\t\t\t\t\t<\/div>\n\t\t\t\t<\/div>\n\t\t\t\t\t<\/div>\n\t\t<\/div>\n\t\t\t\t<div class=\"elementor-column elementor-col-33 elementor-top-column elementor-element elementor-element-c7b3fff\" data-id=\"c7b3fff\" data-element_type=\"column\" data-e-type=\"column\">\n\t\t\t<div class=\"elementor-widget-wrap elementor-element-populated\">\n\t\t\t\t\t\t<div class=\"elementor-element elementor-element-b77e324 elementor-widget elementor-widget-text-editor\" data-id=\"b77e324\" data-element_type=\"widget\" data-e-type=\"widget\" data-widget_type=\"text-editor.default\">\n\t\t\t\t<div class=\"elementor-widget-container\">\n\t\t\t\t\t\t\t\t\t<p><span style=\"font-weight: 400;\">\u00a0A otra cosa:<\/span><\/p><p><span style=\"font-weight: 400;\">Vacuna cubana<\/span><\/p><p><span style=\"font-weight: 400;\">Hace d\u00edas fue tendencia en la redes sociales las controversias por la aprobaci\u00f3n en nuestro pa\u00eds de la vacuna rusa Sputnik V, quiero decir que por primera vez estoy de acuerdo con la opini\u00f3n derechista, el cuestionar la efectividad de la Sputnik V debido a que fue elaborada considerando \u201cetnicidades blancas\u201d y que es posible no le cuadre a nuestra etnia latina, criolla. Pero lo que yo le\u00ed entre l\u00edneas es que est\u00e1n de acuerdo con la vacuna cubana que se encuentra en desarrollo, ojal\u00e1 sigan levantando la voz y pugnen por buscar apoyos econ\u00f3micos, t\u00e9cnicos y de toda \u00edndole necesaria a Cuba para que a la brevedad concluya su vacuna, sobre todo ahora que el bloque europeo suelta a cuenta gotas los sueros a los pa\u00edses pobres.<\/span><\/p><p><span style=\"font-weight: 400;\">Opiniones, quejas y sugerencias a este diablito que vuelve por sus fueros:\u00a0 <\/span><a href=\"mailto:diablitodelaguarda@yahoo.com.mx\"><span style=\"font-weight: 400;\">diablitodelaguarda@yahoo.com.mx<\/span><\/a><\/p>\t\t\t\t\t\t\t\t<\/div>\n\t\t\t\t<\/div>\n\t\t\t\t\t<\/div>\n\t\t<\/div>\n\t\t\t\t\t<\/div>\n\t\t<\/section>\n\t\t\t\t<section class=\"elementor-section elementor-top-section elementor-element elementor-element-abe2ed1 elementor-section-boxed elementor-section-height-default elementor-section-height-default\" data-id=\"abe2ed1\" data-element_type=\"section\" data-e-type=\"section\">\n\t\t\t\t\t\t<div class=\"elementor-container elementor-column-gap-default\">\n\t\t\t\t\t<div class=\"elementor-column elementor-col-100 elementor-top-column elementor-element elementor-element-7e7befb\" data-id=\"7e7befb\" data-element_type=\"column\" data-e-type=\"column\">\n\t\t\t<div class=\"elementor-widget-wrap\">\n\t\t\t\t\t\t\t<\/div>\n\t\t<\/div>\n\t\t\t\t\t<\/div>\n\t\t<\/section>\n\t\t\t\t<\/div>\n\t\t","protected":false},"excerpt":{"rendered":"<p>TIROTEOS LA CONSTANTE E.U YOshi v. autor: yoshi v. Era una ma\u00f1ana como cualquier otra, alumnosde segundo, tercero y cuarto a\u00f1o, tomaban clase dentro de la Escuela PrimariaRobb Elementary School, cuando al medio d\u00eda un joven de 18 a\u00f1os irrumpi\u00f3 en elsal\u00f3n de clases de cuarto grado, durante cuarenta minutos de terror, portando unrifle semiautom\u00e1tico AR-15 que detonar\u00eda de manera constante y sinremordimiento contra ni\u00f1os de diez a\u00f1os y dos maestras; las cuales sesacrificar\u00edan para evitar que m\u00e1s alumnos fueran atacados. Estelamentable acontecimiento dejo como saldo 19 ni\u00f1os muertos y dosmaestras, sin contar el n\u00famero de familias que quedaron destrozadas por lap\u00e9rdida de sus hijos, adem\u00e1s de un sentimiento compartido de impotencia, dolory desasosiego. Uvalde, Texas alberga un gran n\u00famero delatinos, cuenta con una localidad de 16.000 habitantes situada cerca de lafrontera con M\u00e9xico, en la escuela donde se perpetuaron los hechos cuenta con unos 500 estudiantes y casi el&hellip;<\/p>\n<p> <a class=\"more-link\" href=\"https:\/\/diarioelrapsoda.com\/index.php\/columnas\/\">Leer m\u00e1s<\/a><\/p>\n","protected":false},"author":1,"featured_media":0,"parent":0,"menu_order":0,"comment_status":"closed","ping_status":"closed","template":"elementor_header_footer","meta":{"footnotes":""},"class_list":["post-170","page","type-page","status-publish"],"yoast_head":"<!-- This site is optimized with the Yoast SEO plugin v27.3 - https:\/\/yoast.com\/product\/yoast-seo-wordpress\/ -->\n<title>COLUMNAS - Diario el rapsoda DIARIO EL RAPSODA<\/title>\n<meta name=\"description\" content=\"Conoce nuestras diferentes columnas period\u00edsticas sobre todo lo que acontece en el Estado de M\u00e9xico - Noticias Edo Mex\" \/>\n<meta name=\"robots\" content=\"index, follow, max-snippet:-1, max-image-preview:large, max-video-preview:-1\" \/>\n<link rel=\"canonical\" href=\"https:\/\/diarioelrapsoda.com\/index.php\/columnas\/\" \/>\n<meta property=\"og:locale\" content=\"es_MX\" \/>\n<meta property=\"og:type\" content=\"article\" \/>\n<meta property=\"og:title\" content=\"COLUMNAS - Diario el rapsoda DIARIO EL RAPSODA\" \/>\n<meta property=\"og:description\" content=\"Conoce nuestras diferentes columnas period\u00edsticas sobre todo lo que acontece en el Estado de M\u00e9xico - Noticias Edo Mex\" \/>\n<meta property=\"og:url\" content=\"https:\/\/diarioelrapsoda.com\/index.php\/columnas\/\" \/>\n<meta property=\"og:site_name\" content=\"Diario el rapsoda\" \/>\n<meta property=\"article:modified_time\" content=\"2022-05-31T00:57:34+00:00\" \/>\n<meta property=\"og:image\" content=\"http:\/\/diarioelrapsoda.com\/wp-content\/uploads\/2021\/05\/foto-F-2-216x300.jpg\" \/>\n<meta name=\"twitter:card\" content=\"summary_large_image\" \/>\n<meta name=\"twitter:label1\" content=\"Tiempo de lectura\" \/>\n\t<meta name=\"twitter:data1\" content=\"11 minutos\" \/>\n<script type=\"application\/ld+json\" class=\"yoast-schema-graph\">{\"@context\":\"https:\\\/\\\/schema.org\",\"@graph\":[{\"@type\":\"WebPage\",\"@id\":\"https:\\\/\\\/diarioelrapsoda.com\\\/index.php\\\/columnas\\\/\",\"url\":\"https:\\\/\\\/diarioelrapsoda.com\\\/index.php\\\/columnas\\\/\",\"name\":\"COLUMNAS - Diario el rapsoda DIARIO EL RAPSODA\",\"isPartOf\":{\"@id\":\"https:\\\/\\\/diarioelrapsoda.com\\\/#website\"},\"primaryImageOfPage\":{\"@id\":\"https:\\\/\\\/diarioelrapsoda.com\\\/index.php\\\/columnas\\\/#primaryimage\"},\"image\":{\"@id\":\"https:\\\/\\\/diarioelrapsoda.com\\\/index.php\\\/columnas\\\/#primaryimage\"},\"thumbnailUrl\":\"http:\\\/\\\/diarioelrapsoda.com\\\/wp-content\\\/uploads\\\/2021\\\/05\\\/foto-F-2-216x300.jpg\",\"datePublished\":\"2021-02-10T03:13:59+00:00\",\"dateModified\":\"2022-05-31T00:57:34+00:00\",\"description\":\"Conoce nuestras diferentes columnas period\u00edsticas sobre todo lo que acontece en el Estado de M\u00e9xico - Noticias Edo Mex\",\"breadcrumb\":{\"@id\":\"https:\\\/\\\/diarioelrapsoda.com\\\/index.php\\\/columnas\\\/#breadcrumb\"},\"inLanguage\":\"es\",\"potentialAction\":[{\"@type\":\"ReadAction\",\"target\":[\"https:\\\/\\\/diarioelrapsoda.com\\\/index.php\\\/columnas\\\/\"]}]},{\"@type\":\"ImageObject\",\"inLanguage\":\"es\",\"@id\":\"https:\\\/\\\/diarioelrapsoda.com\\\/index.php\\\/columnas\\\/#primaryimage\",\"url\":\"http:\\\/\\\/diarioelrapsoda.com\\\/wp-content\\\/uploads\\\/2021\\\/05\\\/foto-F-2-216x300.jpg\",\"contentUrl\":\"http:\\\/\\\/diarioelrapsoda.com\\\/wp-content\\\/uploads\\\/2021\\\/05\\\/foto-F-2-216x300.jpg\"},{\"@type\":\"BreadcrumbList\",\"@id\":\"https:\\\/\\\/diarioelrapsoda.com\\\/index.php\\\/columnas\\\/#breadcrumb\",\"itemListElement\":[{\"@type\":\"ListItem\",\"position\":1,\"name\":\"Inicio\",\"item\":\"https:\\\/\\\/diarioelrapsoda.com\\\/\"},{\"@type\":\"ListItem\",\"position\":2,\"name\":\"COLUMNAS\"}]},{\"@type\":\"WebSite\",\"@id\":\"https:\\\/\\\/diarioelrapsoda.com\\\/#website\",\"url\":\"https:\\\/\\\/diarioelrapsoda.com\\\/\",\"name\":\"Diario el rapsoda\",\"description\":\"\",\"publisher\":{\"@id\":\"https:\\\/\\\/diarioelrapsoda.com\\\/#organization\"},\"potentialAction\":[{\"@type\":\"SearchAction\",\"target\":{\"@type\":\"EntryPoint\",\"urlTemplate\":\"https:\\\/\\\/diarioelrapsoda.com\\\/?s={search_term_string}\"},\"query-input\":{\"@type\":\"PropertyValueSpecification\",\"valueRequired\":true,\"valueName\":\"search_term_string\"}}],\"inLanguage\":\"es\"},{\"@type\":\"Organization\",\"@id\":\"https:\\\/\\\/diarioelrapsoda.com\\\/#organization\",\"name\":\"Diario el rapsoda\",\"url\":\"https:\\\/\\\/diarioelrapsoda.com\\\/\",\"logo\":{\"@type\":\"ImageObject\",\"inLanguage\":\"es\",\"@id\":\"https:\\\/\\\/diarioelrapsoda.com\\\/#\\\/schema\\\/logo\\\/image\\\/\",\"url\":\"https:\\\/\\\/diarioelrapsoda.com\\\/wp-content\\\/uploads\\\/2021\\\/02\\\/LOGO-RAPSODA-A-COLOR-scaled.jpg\",\"contentUrl\":\"https:\\\/\\\/diarioelrapsoda.com\\\/wp-content\\\/uploads\\\/2021\\\/02\\\/LOGO-RAPSODA-A-COLOR-scaled.jpg\",\"width\":2560,\"height\":446,\"caption\":\"Diario el rapsoda\"},\"image\":{\"@id\":\"https:\\\/\\\/diarioelrapsoda.com\\\/#\\\/schema\\\/logo\\\/image\\\/\"}}]}<\/script>\n<!-- \/ Yoast SEO plugin. -->","yoast_head_json":{"title":"COLUMNAS - Diario el rapsoda DIARIO EL RAPSODA","description":"Conoce nuestras diferentes columnas period\u00edsticas sobre todo lo que acontece en el Estado de M\u00e9xico - Noticias Edo Mex","robots":{"index":"index","follow":"follow","max-snippet":"max-snippet:-1","max-image-preview":"max-image-preview:large","max-video-preview":"max-video-preview:-1"},"canonical":"https:\/\/diarioelrapsoda.com\/index.php\/columnas\/","og_locale":"es_MX","og_type":"article","og_title":"COLUMNAS - Diario el rapsoda DIARIO EL RAPSODA","og_description":"Conoce nuestras diferentes columnas period\u00edsticas sobre todo lo que acontece en el Estado de M\u00e9xico - Noticias Edo Mex","og_url":"https:\/\/diarioelrapsoda.com\/index.php\/columnas\/","og_site_name":"Diario el rapsoda","article_modified_time":"2022-05-31T00:57:34+00:00","og_image":[{"url":"http:\/\/diarioelrapsoda.com\/wp-content\/uploads\/2021\/05\/foto-F-2-216x300.jpg","type":"","width":"","height":""}],"twitter_card":"summary_large_image","twitter_misc":{"Tiempo de lectura":"11 minutos"},"schema":{"@context":"https:\/\/schema.org","@graph":[{"@type":"WebPage","@id":"https:\/\/diarioelrapsoda.com\/index.php\/columnas\/","url":"https:\/\/diarioelrapsoda.com\/index.php\/columnas\/","name":"COLUMNAS - Diario el rapsoda DIARIO EL RAPSODA","isPartOf":{"@id":"https:\/\/diarioelrapsoda.com\/#website"},"primaryImageOfPage":{"@id":"https:\/\/diarioelrapsoda.com\/index.php\/columnas\/#primaryimage"},"image":{"@id":"https:\/\/diarioelrapsoda.com\/index.php\/columnas\/#primaryimage"},"thumbnailUrl":"http:\/\/diarioelrapsoda.com\/wp-content\/uploads\/2021\/05\/foto-F-2-216x300.jpg","datePublished":"2021-02-10T03:13:59+00:00","dateModified":"2022-05-31T00:57:34+00:00","description":"Conoce nuestras diferentes columnas period\u00edsticas sobre todo lo que acontece en el Estado de M\u00e9xico - Noticias Edo Mex","breadcrumb":{"@id":"https:\/\/diarioelrapsoda.com\/index.php\/columnas\/#breadcrumb"},"inLanguage":"es","potentialAction":[{"@type":"ReadAction","target":["https:\/\/diarioelrapsoda.com\/index.php\/columnas\/"]}]},{"@type":"ImageObject","inLanguage":"es","@id":"https:\/\/diarioelrapsoda.com\/index.php\/columnas\/#primaryimage","url":"http:\/\/diarioelrapsoda.com\/wp-content\/uploads\/2021\/05\/foto-F-2-216x300.jpg","contentUrl":"http:\/\/diarioelrapsoda.com\/wp-content\/uploads\/2021\/05\/foto-F-2-216x300.jpg"},{"@type":"BreadcrumbList","@id":"https:\/\/diarioelrapsoda.com\/index.php\/columnas\/#breadcrumb","itemListElement":[{"@type":"ListItem","position":1,"name":"Inicio","item":"https:\/\/diarioelrapsoda.com\/"},{"@type":"ListItem","position":2,"name":"COLUMNAS"}]},{"@type":"WebSite","@id":"https:\/\/diarioelrapsoda.com\/#website","url":"https:\/\/diarioelrapsoda.com\/","name":"Diario el rapsoda","description":"","publisher":{"@id":"https:\/\/diarioelrapsoda.com\/#organization"},"potentialAction":[{"@type":"SearchAction","target":{"@type":"EntryPoint","urlTemplate":"https:\/\/diarioelrapsoda.com\/?s={search_term_string}"},"query-input":{"@type":"PropertyValueSpecification","valueRequired":true,"valueName":"search_term_string"}}],"inLanguage":"es"},{"@type":"Organization","@id":"https:\/\/diarioelrapsoda.com\/#organization","name":"Diario el rapsoda","url":"https:\/\/diarioelrapsoda.com\/","logo":{"@type":"ImageObject","inLanguage":"es","@id":"https:\/\/diarioelrapsoda.com\/#\/schema\/logo\/image\/","url":"https:\/\/diarioelrapsoda.com\/wp-content\/uploads\/2021\/02\/LOGO-RAPSODA-A-COLOR-scaled.jpg","contentUrl":"https:\/\/diarioelrapsoda.com\/wp-content\/uploads\/2021\/02\/LOGO-RAPSODA-A-COLOR-scaled.jpg","width":2560,"height":446,"caption":"Diario el rapsoda"},"image":{"@id":"https:\/\/diarioelrapsoda.com\/#\/schema\/logo\/image\/"}}]}},"_links":{"self":[{"href":"https:\/\/diarioelrapsoda.com\/index.php\/wp-json\/wp\/v2\/pages\/170","targetHints":{"allow":["GET"]}}],"collection":[{"href":"https:\/\/diarioelrapsoda.com\/index.php\/wp-json\/wp\/v2\/pages"}],"about":[{"href":"https:\/\/diarioelrapsoda.com\/index.php\/wp-json\/wp\/v2\/types\/page"}],"author":[{"embeddable":true,"href":"https:\/\/diarioelrapsoda.com\/index.php\/wp-json\/wp\/v2\/users\/1"}],"replies":[{"embeddable":true,"href":"https:\/\/diarioelrapsoda.com\/index.php\/wp-json\/wp\/v2\/comments?post=170"}],"version-history":[{"count":102,"href":"https:\/\/diarioelrapsoda.com\/index.php\/wp-json\/wp\/v2\/pages\/170\/revisions"}],"predecessor-version":[{"id":2212,"href":"https:\/\/diarioelrapsoda.com\/index.php\/wp-json\/wp\/v2\/pages\/170\/revisions\/2212"}],"wp:attachment":[{"href":"https:\/\/diarioelrapsoda.com\/index.php\/wp-json\/wp\/v2\/media?parent=170"}],"curies":[{"name":"wp","href":"https:\/\/api.w.org\/{rel}","templated":true}]}}